{"id":393,"date":"2017-08-02T21:12:42","date_gmt":"2017-08-03T02:12:42","guid":{"rendered":"http:\/\/soundbreath.com.mx\/soundbreath\/?page_id=393"},"modified":"2026-01-31T14:05:29","modified_gmt":"2026-01-31T20:05:29","slug":"fundadora","status":"publish","type":"page","link":"https:\/\/soundbreath.com.mx\/soundbreath\/fundadora\/","title":{"rendered":"Fundadora"},"content":{"rendered":"<!--themify_builder_content-->\n<div id=\"themify_builder_content-393\" data-postid=\"393\" class=\"themify_builder_content themify_builder_content-393 themify_builder tf_clear\">\n                    <div  data-css_id=\"fxv7506\" data-lazy=\"1\" class=\"module_row themify_builder_row fullwidth tb_fxv7506 tb_first tf_w\">\n                        <div class=\"row_inner col_align_top tb_col_count_1 tf_box tf_rel\">\n                        <div  data-lazy=\"1\" class=\"module_column tb-column col-full tb_r1x8000 first\">\n                    <!-- module text -->\n<div  class=\"module module-text tb_fku0009   \" data-lazy=\"1\">\n        <div  class=\"tb_text_wrap\">\n        <h3 style=\"text-align: center;\">Fundadora:<\/h3>\n<h4 style=\"text-align: center;\">Psicoterapeuta Patricia Edelen Powers<\/h4>\n<p style=\"text-align: center;\"><strong>Despu\u00e9s de a\u00f1os de aprendizaje y experiencia psicoterap\u00e9utica<br>la pregunta que sirvi\u00f3 de gu\u00eda para crear el M\u00e9todo Soundbreath fue:<\/strong><\/p>\n<p style=\"text-align: center;\"><strong>\u00bfQu\u00e9 le hace falta a un proceso psicoterap\u00e9utico para destrabarse?<\/strong><strong><br><\/strong><strong>La respuesta:<br>\u00a1La combinaci\u00f3n de diferentes t\u00e9cnicas de respiraci\u00f3n y sonido! As\u00ed naci\u00f3 el M\u00e9todo Soundbreath\u00ae!<\/strong><\/p>    <\/div>\n<\/div>\n<!-- \/module text -->        <\/div>\n                        <\/div>\n        <\/div>\n                        <div  data-lazy=\"1\" class=\"module_row themify_builder_row tb_m32d595 tf_w\">\n                        <div class=\"row_inner col_align_top tb_col_count_1 tf_box tf_rel\">\n                        <div  data-lazy=\"1\" class=\"module_column tb-column col-full tb_vpn8030 first\">\n                            <div  data-lazy=\"1\" class=\"module_subrow themify_builder_sub_row tf_w col_align_top tb_col_count_2 tb_02ho004\">\n                <div  data-lazy=\"1\" class=\"module_column sub_column col4-2 tb_ksr6800 first\">\n                    <!-- module text -->\n<div  class=\"module module-text tb_rezq081   \" data-lazy=\"1\">\n        <div  class=\"tb_text_wrap\">\n        <h3 style=\"text-align: center;\"><strong>HISTORIA<\/strong><\/h3>\n<p>El terremoto que vivi\u00f3 la Cuidad de M\u00e9xico en septiembre del 1985, llev\u00f3 a Patricia Edelen, como a gran parte de la ciudadan\u00eda, a unirse al sentido de colaboraci\u00f3n incondicional para los damnificados del sismo. El evento deja una huella profunda en ella y la lleva a buscar su aportaci\u00f3n personal para un cambio verdadero para su cuidad y en su pa\u00eds.<\/p>\n<p>A trav\u00e9s de una elecci\u00f3n democr\u00e1tica, Patricia es elegida Presidenta de los Colonos de Lomas Virreyes y logra organizar 1,100 manzanas, cada una liderada por un representante. Gracias al esfuerzo de su equipo de trabajo y en colaboraci\u00f3n con otras presidentas de los colonos, Patricia tiene \u00e9xito en que la Delegaci\u00f3n Miguel Hidalgo cumpliera las leyes del Plan Parcial de Desarrollo de la Ciudad de M\u00e9xico.<\/p>\n<p>Los tres a\u00f1os como presidenta, de 1985-1988, le sirvieron de mucho aprendizaje personal y social y la obliga a cuestionarse a niveles profundos su misi\u00f3n.<\/p>\n<p>Patricia se dedica a sanar la tristeza y la desesperaci\u00f3n con lo que viven las mam\u00e1s que tienen relaciones dif\u00edciles o rotas con sus hijas adultas al guiarlas con su experiencia como directora del Soundbreath, Facilitadora del proceso Solignment, www.solignment.com, Certificaci\u00f3n en Woman Centered Coaching con la Dra. Claire Zammit, Certificacion Chakras Sacred Centers con la Dra. Anodea Judith, Facilitadora Certificada de Constelaciones Familiares, Maestra del Pathwork, y Psicoterapeuta Humanista con Enfoque Centrado en la Persona y Gestalt.<\/p>\n<p><span style=\"color: #000080;\">En 2021, al participar en un Intensivo de Solignment directamente con su fundadora, Julia Mikk, Patricia san\u00f3 la relaci\u00f3n dif\u00edcil que ten\u00eda con su propia hija. Al graduarse como Facilitadora Avanzada del Proceso Solignment en 2023, Patricia ofrece sus 25 anos de experiencia, herramientas y su gu\u00eda sabia para transformar las relaciones de mamas e hijas en amor, entendimiento, humor y respeto mutuo.<\/span><\/p>\n<p><span style=\"color: #000080;\">Actualmente da sesiones individuales en l\u00ednea y presenciales en Cuernavaca, Morelos.<\/span><\/p>    <\/div>\n<\/div>\n<!-- \/module text --><!-- module image -->\n<div  class=\"module module-image tb_z63p100 image-overlay   tf_mw\" data-lazy=\"1\">\n        <div class=\"image-wrap tf_rel tf_mw\">\n            <img loading=\"lazy\" decoding=\"async\" src=\"http:\/\/soundbreath.com.mx\/soundbreath\/wp-content\/uploads\/2017\/08\/DSC_7654.jpg\" width=\"450\" height=\"950\" title=\"Fundadora\" alt=\"Fundadora\">    \n    \n                <\/div>\n        <!-- \/image-wrap -->\n    <\/div>\n<!-- \/module image -->        <\/div>\n                    <div  data-lazy=\"1\" class=\"module_column sub_column col4-2 tb_kqsc886 last\">\n                    <!-- module text -->\n<div  class=\"module module-text tb_z5b4081   \" data-lazy=\"1\">\n        <div  class=\"tb_text_wrap\">\n        <h3 style=\"text-align: center;\"><strong>BUSQUEDA CONSTANTE:<\/strong><\/h3>\n<p>Psicoterapeuta y Maestra de la Psicolog\u00eda Espiritual del Pathwork, Psicoterapeuta Humanista con Gestalt y Enfoque Centrado en la Persona, Sue\u00f1os con Gestalt, S\u00edntoma con Gestalt, Arquetipos de lo Femenino.<\/p>\n<p>Sin descanso, contin\u00faa con su formaci\u00f3n certific\u00e1ndose en Constelaciones Familiares, Imaginaci\u00f3n Guiada con M\u00fasica, Psicolog\u00eda Som\u00e1tica de los Chakras con Dra. Anodea Judith, Meditaci\u00f3n Plena y otros diplomados y talleres. Se da cuenta que algo falta para completar su consulta.<\/p>\n<p>Su b\u00fasqueda la lleva a encontrar la herramienta de respiraci\u00f3n del Transformational Breath\u00ae y se certifica como facilitadora y entrenadora estudiando directamente con su fundadora, la Dra. Judith Kravitz.<\/p>\n<p>Al profundizar en las pr\u00e1cticas de la respiraci\u00f3n consciente a nivel personal, se da cuenta de la importancia que ha tenido la respiraci\u00f3n en su propia vida al recordar eventos traum\u00e1ticos que hab\u00edan estado reprimidos: de ahogo y resucitaci\u00f3n y la triste memoria de su padre que muere de enfisema pulmonar.<\/p>\n<p>El estar practicando la respiraci\u00f3n consciente como disciplina diaria se ve reflejada en su salud, equilibrio emocional, claridad mental y sus meditaciones se profundizan.<\/p>\n<p>A trav\u00e9s de 20 a\u00f1os de consulta y el uso de la respiraci\u00f3n con sus pacientes y grupos del Pathwork, puede constatar la gran efectividad de la respiraci\u00f3n consciente para atravesar traumas reprimidos de una manera no amenazante, resolver asuntos profundos y acelerar el proceso psico-terap\u00e9utico.<\/p>\n<h3>Testimonios<\/h3>\n<p>\u201c<span style=\"font-style: italic;\">Estoy muy agradecida con Patricia, con su gu\u00eda, su presencia amorosa y con todo lo que me ha ofrecido para ir sanando la relaci\u00f3n con mi hija. He aprendido a respirar profundamente con el diafragma y a soltar mi codependencia. Ahora mi hija y yo nos comunicamos con amor y respeto mutuo. Gracias!\u201d<\/span><\/p>\n<p style=\"text-align: right;\">Natalia., Directora de Escuela Primaria, Cuernavaca<\/p>\n<p>\u00a0<\/p>\n<p style=\"text-align: left;\"><span style=\"font-style: italic;\">\u201cSent\u00eda que la relaci\u00f3n con mi hija estaba destruida hasta que Patricia me pudo guiar en l\u00ednea de una manera efectiva y amorosa a sanar mi propia infancia, a conocerme mejor. Todas las herramientas de respiraci\u00f3n, sue\u00f1os, constelaciones familiares y muchas otras sirvieron para liberarme de mis propios traumas y entender mejor a mi hija. Ya estamos en comunicaci\u00f3n y estoy profundamente agradecida por la oportunidad de ir sanando la relaci\u00f3n con ella. Gracias<\/span>!\u201d<\/p>\n<p style=\"text-align: right;\"><span style=\"font-style: italic;\">&#8211; <\/span>Nancy, Terapeuta, Arizona<\/p>    <\/div>\n<\/div>\n<!-- \/module text -->        <\/div>\n                    <\/div>\n                <\/div>\n                        <\/div>\n        <\/div>\n        <\/div>\n<!--\/themify_builder_content-->","protected":false},"excerpt":{"rendered":"<p>Fundadora: Psicoterapeuta Patricia Edelen Powers Despu\u00e9s de a\u00f1os de aprendizaje y experiencia psicoterap\u00e9uticala pregunta que sirvi\u00f3 de gu\u00eda para crear el M\u00e9todo Soundbreath fue: \u00bfQu\u00e9 le hace falta a un proceso psicoterap\u00e9utico para destrabarse?La respuesta:\u00a1La combinaci\u00f3n de diferentes t\u00e9cnicas de respiraci\u00f3n y sonido! As\u00ed naci\u00f3 el M\u00e9todo Soundbreath\u00ae! HISTORIA El terremoto que vivi\u00f3 la Cuidad [&hellip;]<\/p>\n","protected":false},"author":1,"featured_media":0,"parent":0,"menu_order":0,"comment_status":"closed","ping_status":"closed","template":"","meta":{"footnotes":""},"class_list":["post-393","page","type-page","status-publish","hentry","has-post-title","has-post-date","has-post-category","has-post-tag","has-post-comment","has-post-author",""],"jetpack_shortlink":"https:\/\/wp.me\/P5NbE4-6l","jetpack_sharing_enabled":true,"builder_content":"<h3 style=\"text-align: center;\">Fundadora:<\/h3> <h4 style=\"text-align: center;\">Psicoterapeuta Patricia Edelen Powers<\/h4> <p style=\"text-align: center;\"><strong>Despu\u00e9s de a\u00f1os de aprendizaje y experiencia psicoterap\u00e9utica<br>la pregunta que sirvi\u00f3 de gu\u00eda para crear el M\u00e9todo Soundbreath fue:<\/strong><\/p> <p style=\"text-align: center;\"><strong>\u00bfQu\u00e9 le hace falta a un proceso psicoterap\u00e9utico para destrabarse?<\/strong><strong><br><\/strong><strong>La respuesta:<br>\u00a1La combinaci\u00f3n de diferentes t\u00e9cnicas de respiraci\u00f3n y sonido! As\u00ed naci\u00f3 el M\u00e9todo Soundbreath\u00ae!<\/strong><\/p>\n<h3 style=\"text-align: center;\"><strong>HISTORIA<\/strong><\/h3> <p>El terremoto que vivi\u00f3 la Cuidad de M\u00e9xico en septiembre del 1985, llev\u00f3 a Patricia Edelen, como a gran parte de la ciudadan\u00eda, a unirse al sentido de colaboraci\u00f3n incondicional para los damnificados del sismo. El evento deja una huella profunda en ella y la lleva a buscar su aportaci\u00f3n personal para un cambio verdadero para su cuidad y en su pa\u00eds.<\/p> <p>A trav\u00e9s de una elecci\u00f3n democr\u00e1tica, Patricia es elegida Presidenta de los Colonos de Lomas Virreyes y logra organizar 1,100 manzanas, cada una liderada por un representante. Gracias al esfuerzo de su equipo de trabajo y en colaboraci\u00f3n con otras presidentas de los colonos, Patricia tiene \u00e9xito en que la Delegaci\u00f3n Miguel Hidalgo cumpliera las leyes del Plan Parcial de Desarrollo de la Ciudad de M\u00e9xico.<\/p> <p>Los tres a\u00f1os como presidenta, de 1985-1988, le sirvieron de mucho aprendizaje personal y social y la obliga a cuestionarse a niveles profundos su misi\u00f3n.<\/p> <p>Patricia se dedica a sanar la tristeza y la desesperaci\u00f3n con lo que viven las mam\u00e1s que tienen relaciones dif\u00edciles o rotas con sus hijas adultas al guiarlas con su experiencia como directora del Soundbreath, Facilitadora del proceso Solignment, www.solignment.com, Certificaci\u00f3n en Woman Centered Coaching con la Dra. Claire Zammit, Certificacion Chakras Sacred Centers con la Dra. Anodea Judith, Facilitadora Certificada de Constelaciones Familiares, Maestra del Pathwork, y Psicoterapeuta Humanista con Enfoque Centrado en la Persona y Gestalt.<\/p> <p>En 2021, al participar en un Intensivo de Solignment directamente con su fundadora, Julia Mikk, Patricia san\u00f3 la relaci\u00f3n dif\u00edcil que ten\u00eda con su propia hija. Al graduarse como Facilitadora Avanzada del Proceso Solignment en 2023, Patricia ofrece sus 25 anos de experiencia, herramientas y su gu\u00eda sabia para transformar las relaciones de mamas e hijas en amor, entendimiento, humor y respeto mutuo.<\/p> <p>Actualmente da sesiones individuales en l\u00ednea y presenciales en Cuernavaca, Morelos.<\/p>\n<img src=\"http:\/\/soundbreath.com.mx\/soundbreath\/wp-content\/uploads\/2017\/08\/DSC_7654.jpg\" width=\"450\" height=\"950\" title=\"Fundadora\" alt=\"Fundadora\">\n<h3 style=\"text-align: center;\"><strong>BUSQUEDA CONSTANTE:<\/strong><\/h3> <p>Psicoterapeuta y Maestra de la Psicolog\u00eda Espiritual del Pathwork, Psicoterapeuta Humanista con Gestalt y Enfoque Centrado en la Persona, Sue\u00f1os con Gestalt, S\u00edntoma con Gestalt, Arquetipos de lo Femenino.<\/p> <p>Sin descanso, contin\u00faa con su formaci\u00f3n certific\u00e1ndose en Constelaciones Familiares, Imaginaci\u00f3n Guiada con M\u00fasica, Psicolog\u00eda Som\u00e1tica de los Chakras con Dra. Anodea Judith, Meditaci\u00f3n Plena y otros diplomados y talleres. Se da cuenta que algo falta para completar su consulta.<\/p> <p>Su b\u00fasqueda la lleva a encontrar la herramienta de respiraci\u00f3n del Transformational Breath\u00ae y se certifica como facilitadora y entrenadora estudiando directamente con su fundadora, la Dra. Judith Kravitz.<\/p> <p>Al profundizar en las pr\u00e1cticas de la respiraci\u00f3n consciente a nivel personal, se da cuenta de la importancia que ha tenido la respiraci\u00f3n en su propia vida al recordar eventos traum\u00e1ticos que hab\u00edan estado reprimidos: de ahogo y resucitaci\u00f3n y la triste memoria de su padre que muere de enfisema pulmonar.<\/p> <p>El estar practicando la respiraci\u00f3n consciente como disciplina diaria se ve reflejada en su salud, equilibrio emocional, claridad mental y sus meditaciones se profundizan.<\/p> <p>A trav\u00e9s de 20 a\u00f1os de consulta y el uso de la respiraci\u00f3n con sus pacientes y grupos del Pathwork, puede constatar la gran efectividad de la respiraci\u00f3n consciente para atravesar traumas reprimidos de una manera no amenazante, resolver asuntos profundos y acelerar el proceso psico-terap\u00e9utico.<\/p> <h3>Testimonios<\/h3> <p>\u201cEstoy muy agradecida con Patricia, con su gu\u00eda, su presencia amorosa y con todo lo que me ha ofrecido para ir sanando la relaci\u00f3n con mi hija. He aprendido a respirar profundamente con el diafragma y a soltar mi codependencia. Ahora mi hija y yo nos comunicamos con amor y respeto mutuo. Gracias!\u201d<\/p> <p style=\"text-align: right;\">Natalia., Directora de Escuela Primaria, Cuernavaca<\/p> <p>\u00a0<\/p> <p style=\"text-align: left;\">\u201cSent\u00eda que la relaci\u00f3n con mi hija estaba destruida hasta que Patricia me pudo guiar en l\u00ednea de una manera efectiva y amorosa a sanar mi propia infancia, a conocerme mejor. Todas las herramientas de respiraci\u00f3n, sue\u00f1os, constelaciones familiares y muchas otras sirvieron para liberarme de mis propios traumas y entender mejor a mi hija. Ya estamos en comunicaci\u00f3n y estoy profundamente agradecida por la oportunidad de ir sanando la relaci\u00f3n con ella. Gracias!\u201d<\/p> <p style=\"text-align: right;\">- Nancy, Terapeuta, Arizona<\/p>","_links":{"self":[{"href":"https:\/\/soundbreath.com.mx\/soundbreath\/wp-json\/wp\/v2\/pages\/393","targetHints":{"allow":["GET"]}}],"collection":[{"href":"https:\/\/soundbreath.com.mx\/soundbreath\/wp-json\/wp\/v2\/pages"}],"about":[{"href":"https:\/\/soundbreath.com.mx\/soundbreath\/wp-json\/wp\/v2\/types\/page"}],"author":[{"embeddable":true,"href":"https:\/\/soundbreath.com.mx\/soundbreath\/wp-json\/wp\/v2\/users\/1"}],"replies":[{"embeddable":true,"href":"https:\/\/soundbreath.com.mx\/soundbreath\/wp-json\/wp\/v2\/comments?post=393"}],"version-history":[{"count":12,"href":"https:\/\/soundbreath.com.mx\/soundbreath\/wp-json\/wp\/v2\/pages\/393\/revisions"}],"predecessor-version":[{"id":711,"href":"https:\/\/soundbreath.com.mx\/soundbreath\/wp-json\/wp\/v2\/pages\/393\/revisions\/711"}],"wp:attachment":[{"href":"https:\/\/soundbreath.com.mx\/soundbreath\/wp-json\/wp\/v2\/media?parent=393"}],"curies":[{"name":"wp","href":"https:\/\/api.w.org\/{rel}","templated":true}]}}